{"id":43,"date":"2016-10-02T23:11:00","date_gmt":"2016-10-02T21:11:00","guid":{"rendered":"http:\/\/localhost\/ueuf\/?page_id=43"},"modified":"2026-02-10T14:54:08","modified_gmt":"2026-02-10T13:54:08","slug":"temoignages","status":"publish","type":"page","link":"https:\/\/unenfantunefamille.org\/index.php\/temoignages\/","title":{"rendered":"T\u00e9moignage(s)"},"content":{"rendered":"<p><!--------------------------------------------------------------><br \/>\n<!--------------------  T\u00e9moignage_de Donatella  ---------------><\/p>\n<p id=\"Parrainages de Donatella\" >\n<h4 style=\"text-align: center;\"><span style=\"color: #0000ff;\">Parrainages de Donatella<\/h4>\n<div class=\"moz-quote-pre\">\n<h5>Le parrainage est un moment de notre existence dans lequel nous nous mettons au service de la vie et nous avons le grand honneur d\u2019apporter \u00e0 un enfant de l\u2019amour, de la pr\u00e9sence, de l\u2019\u00e9coute mais aussi des jeux, des moments de bonheur, de la joie. <\/h5>\n<h5>Avec un parrainage nous ouvrons nos maisons, nos familles, nos vies de tous les jours \u00e0 un petit \u00eatre qui a eu un d\u00e9but de vie atypique. Nous mettons notre vie en stand by pendant un moment (les week-ends, les vacances scolaires, les soirs) pour pouvoir nous d\u00e9dier corps et \u00e2me au bien-\u00eatre de l\u2019enfant. Nous ne sommes plus le centre de nous m\u00eame, c\u2019est lui qui devient notre pr\u00e9occupation principale. Et ce qu\u2019on en re\u00e7oit en contrepartie c\u2019est une grande, immense joie. <\/h5>\n<h5>Parrainer un enfant c\u2019est ouvrir notre coeur \u00e0 l\u2019accueil, \u00e0 l\u2019autre, sans attendre rien en \u00e9change et avoir le courage de le laisser partir quand il a la force de voler avec ses propres ales ou quand la situation nous demande de faire un pas en arri\u00e8re. <\/h5>\n<h5>Dire au-revoir \u00e0 un enfant, c\u2019est donc redonner \u00e0 la vie ce que la vie nous a offert, avec le coeur plein de gratitude. <\/h5>\n<h5>Je suis \u00e0 la fin de mon deuxi\u00e8me parrainage et je suis tr\u00e8s heureuse d\u2019avoir eu la chance de vivre ces deux magnifiques exp\u00e9riences, j\u2019esp\u00e8re qu\u2019elles ont pu apporter un petit rayon de lumi\u00e8re dans la vie de Francesca et Elijah (mes deux filleules). <\/h5>\n<h5>Je resterai bien \u00e9videmment leur marraine \u00e0 jamais et elles auront une place \u00e0 jamais dans mon coeur.<\/h5>\n<h5>Je ne remercierai jamais assez Claudine, Jean Fran\u00e7ois et toutes les personnes de l\u2019Association qui, avec une \u00e9norme g\u00e9n\u00e9rosit\u00e9, sens du devoir, respect, \u00e9coute et une quantit\u00e9 infinie d\u2019amour se donnent \u00e0 fond pour continuer \u00e0 faire exister cette magnifique exp\u00e9rience qui est l\u2019accompagnement d\u2019un enfant.  <\/h5>\n<h5>Vive le parrainage ! <\/h5>\n<h5  style=\"text-align: right;\"> Donatella Punturo<\/h5>\n<\/div>\n<p><!--------------------------------------------------------------><br \/>\n<!----------------t\u00e9moignage Pascale Arcouet -------------------><\/p>\n<p id=\"Un Enfant, une Famille, une Filleule, un Parrain, une Marraine\u2026\">\n<hr>\n<div style=\"margin-top:4.5em;\"><\/div>\n<h4  style=\"text-align: center;\"><span style=\"color: #0000ff;\"><br \/>\nUn Enfant, une Famille, une Filleule, un Parrain, une Marraine\u2026<\/br><br \/>\n\u2026 une Filleule<\/span><\/h4>\n<h5 class=\"moz-quote-pre\">Gr\u00e2ce \u00e0 la sortie organis\u00e9e par l\u2019association en octobre 2021, \u00e0 l\u2019arboretum de Ch\u00e2tenay-Malabry nous avons rencontr\u00e9 Catherine et Paul et leur deux filles H\u00e9lo\u00efse et Doriane.<\/h5>\n<h5 class=\"moz-quote-pre\">\nNous avons pass\u00e9 un bel apr\u00e8s-midi en partageant des discutions et des jeux. Nous \u00e9tions venus en observateurs, m\u00eame si, d\u00e9cid\u00e9s \u00e0 parrainer un enfant.<br \/>\n<\/h5>\n<h5 class=\"moz-quote-pre\">\nFinalement, tout a \u00e9t\u00e9 plus vite que pr\u00e9vu et lors de notre premi\u00e8re rencontre avec H\u00e9lo\u00efse et sa famille \u00e0 la maison des associations de Versailles, ce f\u00fbt une belle surprise de voir que nous \u00e9tions attendus et tr\u00e8s bienvenus en tant que parrain et marraine.<\/h5>\n<h5 class=\"moz-quote-pre\">\nDans cette aventure aux multiples acteurs, et aux personnalit\u00e9s diverses, nous avons trouv\u00e9 un \u00e9quilibre dans nos points communs, qui, je pense profite \u00e0 tous.<\/h5>\n<h5 class=\"moz-quote-pre\">C\u2019est un peu un agrandissement de la famille puisque j\u2019ai dit \u00e0 Helo\u00efse ce matin que nous serions toujours ses parrain et marraine\u2026<\/h5>\n<h5 style=\"text-align: right;\">Marie-Claire<\/h5>\n<p><!--------------------------------------------------------------><br \/>\n<!--------------------------------------------------------------><\/p>\n<p id=\"T\u00e9moignage_d'une_famille_d'accueil\">\n<hr>\n<div style=\"margin-top:4.5em;\"><\/div>\n<h4 style=\"text-align: center;\" id=\"T\u00e9moignage_d'une_famille_d'accueil\"><span style=\"color: #0000ff;\">T\u00e9moignage d&rsquo;une famille d&rsquo;accueil<\/span><\/h4>\n<h5 class=\"moz-quote-pre\">\nQuelques petites nouvelles de K&#8230; .<\/p>\n<p>Elle est ravie de son parrainage, je la sens encore plus \u00e0 l&rsquo;aise avec I&#8230; D\u00e9sormais elle l&rsquo;appele marraine.<\/p>\n<p>Je sens que le parrainage lui a donner encore plus confiance en elle, je la sens joyeuse.<br \/>\nA tr\u00e8s bient\u00f4t<br \/>\nCordialement,<\/h5>\n<h5 style=\"text-align: right;\">Mme P&#8230; Assistante familiale<\/h5>\n<p><!--------------------------------------------------------------><br \/>\n<!--------------------------------------------------------------><\/p>\n<p id=\"Un_parrainage_simple_et_\u00e9vident\">\n<hr>\n<div style=\"margin-top:4.5em;\"><\/div>\n<h4 style=\"text-align: center;\"><span style=\"color: #0000ff;\">Un parrainage simple et \u00e9vident<\/span><\/h4>\n<h5 class=\"moz-quote-pre\">Nous sommes en juin 2024 et cela fait bient\u00f4t un an que je parraine une jeune fille de 11ans plac\u00e9e dans un foyer en r\u00e9gion parisienne. J&rsquo;habite Clichy et 45min de voiture nous s\u00e9parent mais c&rsquo;est toujours un plaisir pour moi s&rsquo;il faut aller la chercher ou de la raccompagner si besoin, car ce sont des moments sympa ou nous pouvons discuter de tout en \u00e9tant tranquilles avec la musique de la radio comme compagnie.<\/h5>\n<h5 class=\"moz-quote-pre\"> Depuis notre 1ere rencontre en juillet 2023, nous avons fait autant de sorties \u00e0 Paris que d&rsquo;apr\u00e8s-midis chez moi \u00e0 jouer \u00e0 des jeux de soci\u00e9t\u00e9 ou regard\u00e9 des vid\u00e9os sur internet ou encore des balades dans un parc \u00e0 c\u00f4t\u00e9. Il y a des jours o\u00f9 j&rsquo;invite \u00e0 rester d\u00e9jeuner avec nous l&rsquo;\u00e9ducateur qui la d\u00e9pose et cela nous fait un dej de famille du dimanche. Qu&rsquo;il s&rsquo;agisse d&rsquo;une sortie th\u00e9\u00e2tre ou mus\u00e9e, ou qu&rsquo;elle me fasse d\u00e9couvrir ses groupes de rap pr\u00e9f\u00e9r\u00e9s et moi ceux des ann\u00e9es 90s incontournables (Iam et autres), le temps est un peu suspendu et je sors de mon quotidien pendant ces moments-l\u00e0. C&rsquo;est simple et \u00e9vident. La curiosit\u00e9 est r\u00e9ciproque m\u00eame si nous sommes parfois timides. J&rsquo;ai un travail tr\u00e8s prenant la semaine et ces moments de rel\u00e2che sont tr\u00e8s b\u00e9n\u00e9fiques, le temps est moins comprim\u00e9 et on ne reste pas sans rien faire non plus. Je recommande l&rsquo;exp\u00e9rience d&rsquo;\u00e9largir sa famille relationnelle comme \u00e7a, entre tata et grande soeur, \u00e7a ouvre l&rsquo;esprit et enrichit le coeur. J&rsquo;en parle autour de moi car le parainnage de proximit\u00e9 n&rsquo;est pas connu et c&rsquo;est bien dommage.<\/h5>\n<p><!--------------------------------------------------------------><br \/>\n<!--------------------------------------------------------------><\/p>\n<p id=\"Des_parrains_et_un_filleul_combl\u00e9s\">\n<hr>\n<div style=\"margin-top:4.5em;\"><\/div>\n<h4 style=\"text-align: center;\"><span style=\"color: #0000ff;\">Des parrains et un filleul combl\u00e9s<\/span><\/h4>\n<h5 class=\"moz-quote-pre\"> Nous parrainons Idriss, 6 ans, depuis bient\u00f4t un an. C&rsquo;est un petit gar\u00e7on curieux de tout, qui vit seul avec sa maman. Le parrainage a commenc\u00e9 en douceur; dans les premiers temps, Idriss venait \u00e0 la maison le samedi, deux fois par mois.<\/h5>\n<h5 class=\"moz-quote-pre\"> Puis nous avons augment\u00e9 la fr\u00e9quence et la dur\u00e9e. Il reste maintenant dormir le vendredi ou le samedi et nous le voyons en moyenne toutes les deux semaines.<\/h5>\n<h5 class=\"moz-quote-pre\"> Il a pass\u00e9 quelques jours \u00e0 la maison aux vacances de printemps et nous l&rsquo;avons emmen\u00e9 en Normandie cet \u00e9t\u00e9. Il a pu d\u00e9couvrir la mer !<\/h5>\n<h5 class=\"moz-quote-pre\"> Quand il vient chez nous le week-end, nous alternons entre sorties et activit\u00e9s \u00e0 la maison. Nous parlons souvent de l&rsquo;effet \u00ab\u00a0waouh\u00a0\u00bb d&rsquo;Idriss : quelque soit l&rsquo;activit\u00e9 que nous lui proposons, il est toujours tr\u00e8s enthousiaste, curieux, int\u00e9ress\u00e9 et investi ! Nous refaisons avec lui beaucoup d&rsquo;activit\u00e9s ou visites que nous avions faites avec notre fils lorsqu&rsquo;il \u00e9tait plus petit. Il a maintenant 13 ans mais nous accompagne volontiers. Malgr\u00e9 la diff\u00e9rence d&rsquo;\u00e2ge, une grande complicit\u00e9 s&rsquo;est nou\u00e9e entre lui et Idriss. Il nous a dit il y a quelques temps qu&rsquo;Idriss \u00e9tait maintenant comme un membre de notre famille, ce que nous ressentons en effet tous les trois.<\/h5>\n<h5 class=\"moz-quote-pre\"> Ce parrainage est une r\u00e9ussite. C&rsquo;est un enrichissement pour tous et l&rsquo;occasion de beaux moments de partage. Les moments pass\u00e9s avec Idriss ont une saveur toute particuli\u00e8re !<\/h5>\n<h5 style=\"text-align: right;\">Anna\u00efck et Pierre<\/h5>\n<p><!--------------------------------------------------------------><br \/>\n<!--------------------------------------------------------------><\/p>\n<p id=\"une_histoire_extraordinaire\">\n<hr>\n<div style=\"margin-top:4.5em;\"><\/div>\n<h4 style=\"text-align: center;\"><span style=\"color: #0000ff;\">Une histoire extraordinaire <\/span><\/h4>\n<h5 class=\"moz-quote-pre\">A la cinquantaine, mon statut de c\u00e9libataire, sans enfant, s&rsquo;est radicalement transform\u00e9 du fait d&rsquo;une \u00e9mission de Mireille Dumas sur les \u00e9checs de l&rsquo;adoption. L\u2019association Un Enfant Une Famille, m&rsquo;apprenait que le Parrainage de proximit\u00e9 permettait de venir en aide \u00e0 l&rsquo;enfance en difficult\u00e9, et, en un an, je suis devenue la marraine (\u00e0 plein temps) d&rsquo;une jeune Vietnamienne Ch\u00e2u. Mineur isol\u00e9e.<\/h5>\n<h5 class=\"moz-quote-pre\"> Ch\u00e2u a quitt\u00e9 l&rsquo;ex-Saigon pour rejoindre sa grand-m\u00e8re paternelle h\u00e9berg\u00e9e par sa fille (la tante de Ch\u00e2u) dans l\u2019Oise. Son objectif en venant en France est d\u2019aider sa famille en difficult\u00e9 rest\u00e9e au pays. Elle a \u00e9t\u00e9 confin\u00e9e aux t\u00e2ches domestiques (m\u00e9nage, cuisines, baby-sitter, jardinage&#8230;) dans diverses familles (des cousines de son p\u00e8res) sans \u00eatre pay\u00e9e. Mais que peut elle faire dans sa situation: mineur isol\u00e9e, sans parler la langue et sans papiers et sans d\u2019aides.<\/h5>\n<h5 class=\"moz-quote-pre\"> C&rsquo;\u00e9tait sans compter sur l&rsquo;opini\u00e2tret\u00e9 de Ch\u00e2u qui ne se satisfaisait pas de cette situation de marginale o\u00f9 elle n&rsquo;apprenait pas le Fran\u00e7ais. Finalement, deux ans apr\u00e8s son arriv\u00e9e en France, elle a \u00e9t\u00e9 plac\u00e9e dans un foyer, relais parental, puis prise en charge par l&rsquo;ASE, Aide Sociale \u00e0 l&rsquo;Enfance. Elle a \u00e9t\u00e9 alors scolaris\u00e9e en classe de CLAD1, programme d&rsquo;insertion pour \u00e9l\u00e8ves migrants de l&rsquo;Education Nationale.<\/h5>\n<h5 class=\"moz-quote-pre\">A la fin de l&rsquo;ann\u00e9e scolaire, fin juin, j&rsquo;interviens dans son parcours : son v\u0153u \u00e9tait de pouvoir vivre dans une famille fran\u00e7aise de la r\u00e9gion parisienne, en accord avec son p\u00e8re qui ne souhaitait pas intervenir dans sa nouvelle vie.<\/h5>\n<h5 class=\"moz-quote-pre\"> Elle m&rsquo;a \u00e9t\u00e9 pr\u00e9sent\u00e9e comme une f\u00e9e du logis, capable d&rsquo;\u00e9tudes sup\u00e9rieures, sans probl\u00e8me de comportement. Et je n&rsquo;ai eu aucune h\u00e9sitation \u00e0 l&rsquo;accueillir. Dans ma t\u00eate, je savais qu&rsquo;elle voulait y arriver, qu&rsquo;il faudrait mettre les bouch\u00e9es doubles car le temps \u00e9tait compt\u00e9.<\/h5>\n<h5 class=\"moz-quote-pre\">Elle allait avoir 17 ans, elle allait rentrer en 5<sup>\u00e8me<\/sup> Son \u00e9locution \u00e9tait plus que laborieuse.<\/h5>\n<h5 class=\"moz-quote-pre\">Pendant nos premi\u00e8res vacances \u00e0 la montagne, \u00e0 nous, la lecture \u00e0 haute voix, les devoirs de vacances entre deux randonn\u00e9es. Au coll\u00e8ge, si elle \u00e9tait perdue les premi\u00e8res semaines, aux vacances de f\u00e9vrier, au vu de son potentiel, son professeur principal, professeur d&rsquo;Anglais est intervenue aupr\u00e8s du proviseur pour lui permettre de passer en 4<sup>\u00e9me<\/sup> tout en lui assurant b\u00e9n\u00e9volement quelques le\u00e7ons particuli\u00e8res.<\/h5>\n<h5 class=\"moz-quote-pre\">Et nous avons beaucoup travaill\u00e9, sans rel\u00e2che : non seulement le programme scolaire, non seulement le Fran\u00e7ais pour \u00e9trangers mais aussi le rattrapage culturel. Le rythme \u00e9tait soutenu et Ch\u00e2u a suivi et avec profit.<\/h5>\n<h5 class=\"moz-quote-pre\">Comme toute \u00ab\u00a0maternante\u00a0\u00bb j&rsquo;ai aid\u00e9 aux devoirs, fait r\u00e9citer les le\u00e7ons, notamment celle sur les imp\u00f4ts au Moyen-Age (apprise phon\u00e9tiquement !), relu tous les cahiers pour ne pas y laisser une faute d&rsquo;orthographe, une incompr\u00e9hension. J&rsquo;ai pass\u00e9 mes week-ends aux compte-rendus de lecture, r\u00e9pondu aux questions incessantes sur la grammaire et l&rsquo;usage du Fran\u00e7ais, corrig\u00e9, notamment \u00e0 table, ses fautes de fran\u00e7ais.<br \/>\nLe \u00ab\u00a0rattrapage culturel\u00a0\u00bb a \u00e9t\u00e9 \u00e9galement men\u00e9 tambour battant pendant trois ans : j&rsquo;ai exploit\u00e9 \u00e0 fond les programmes de t\u00e9l\u00e9vision, nous avons visit\u00e9 Paris, avons \u00e9t\u00e9 au spectacle (merci aux loteries de T\u00e9l\u00e9rama).<\/h5>\n<h5 class=\"moz-quote-pre\">Nous avons d\u00e9couvert la France (et son histoire) du Nord au Sud, d&rsquo;Est en Ouest pendant les vacances en camping, en chambres d&rsquo;h\u00f4te, en randonn\u00e9e \u00e0 pied ou en cano\u00eb. Sur notre chemin, nous avons visit\u00e9 les ch\u00e2teaux et autres sites. Mon \u00e9nergie ne s&rsquo;est pas d\u00e9mentie : j&rsquo;en avais le go\u00fbt et les moyens financiers.<br \/>\nCh\u00e2u, jeune fille gracieuse, bien \u00e9lev\u00e9e, r\u00e9serv\u00e9e, a le sens de son int\u00e9r\u00eat au sens large du terme. Son \u00e9tonnante capacit\u00e9 d&rsquo;adaptation lui a permis d&rsquo;absorber tout ce qui lui a \u00e9t\u00e9 offert.<\/h5>\n<h5 class=\"moz-quote-pre\">Elle suivait et en redemandait.<\/h5>\n<h5 style=\"text-align: right;\">Marie-Chantal<\/h5>\n<p><!--------------------------------------------------------------><br \/>\n<!--------------------------------------------------------------><\/p>\n<p id=\"construire_et_accueillir\">\n<hr>\n<div style=\"margin-top:4.5em;\"><\/div>\n<h4 style=\"text-align: center;\"><span style=\"color: #0000ff;\">Construire et accueillir simplement<\/span><\/h4>\n<p><!--------------------------------------------------------------><\/p>\n<h5 style=\"line-height: 1.5;\">Il \u00e9tait une fois\u2026<br \/>\nOh non\u2026<br \/>\nCe n\u2019est pas un conte de f\u00e9es !<br \/>\nPar discr\u00e9tion elle changera de nom<br \/>\nElle s\u2019appellera Ma\u00eblline.<br \/>\nChaque visite est diff\u00e9rente.<br \/>\nElle attend impatiemment les mercredis.<br \/>\nMoi aussi.<br \/>\nMa\u00eblline est curieuse de tout, demandeuse de ce parrainage<br \/>\nC\u2019est une <i>petite grande<\/i> de 12 ans<br \/>\nGr\u00e2ce \u00e0 son histoire, on s\u2019est rencontr\u00e9e<br \/>\nSon histoire lui appartient<br \/>\nOn partage<br \/>\nLa joie de peindre, de cuisiner, de manger des l\u00e9gumes !<br \/>\nAvec plaisir.<br \/>\nElle a besoin de calme, caressant inlassablement notre petit chat<br \/>\nQui pour l\u2019occasion ronronne<br \/>\nDouceur des relations\u2026.<br \/>\nMon mari et moi l\u2019accompagnons.<br \/>\nChaque rencontre est une occasion au pr\u00e9sent.<\/h5>\n<h5 style=\"text-align: center;\">Oups \u2026.<\/h5>\n<h5 style=\"line-height: 1.5;\">J ai oubli\u00e9 de vous dire<br \/>\nMa\u00eblline a une s\u0153ur jumelle en attente de parrainage<br \/>\nAujourd\u2019hui les frangines ont eu du mal \u00e0 se s\u00e9parer<br \/>\nAlors j\u2019ai \u00ab embarqu\u00e9 \u00bb les 2.<br \/>\nDans la voiture l\u2019une avait froid aux mains<br \/>\nComme \u00e0 leur habitude<br \/>\nSans rien demander<br \/>\nL\u2019autre les a r\u00e9chauff\u00e9es en silence.<br \/>\nEt, toute la journ\u00e9e, dansant, chantant, elles ont r\u00e9chauff\u00e9<br \/>\nNotre maison et nos c\u0153urs.<br \/>\nLe parrainage de proximit\u00e9, c\u2019est peut-\u00eatre ne pas savoir de quoi demain sera fait<br \/>\nJuste construire et accueillir simplement.<\/h5>\n<h5 style=\"text-align: right;\">Martine<\/h5>\n<p><!--------------------------------------------------------------><br \/>\n<!--------------------------------------------------------------><\/p>\n<p id=\"une_tres_belle_rencontre\">\n<hr>\n<div style=\"margin-top:4.5em;\"><\/div>\n<h4 style=\"text-align: center;\"><span style=\"color: #0000ff;\">Une tr\u00e8s belle rencontre<\/span><\/h4>\n<p><!--------------------------------------------------------------><\/p>\n<h5 class=\"moz-quote-pre\">Nous avons rencontr\u00e9 notre filleul au mois d&rsquo;avril dernier. Il a eu 4 ans le mois suivant. Nous avons commenc\u00e9 par faire des sorties ensemble dont la dur\u00e9e, au fur et \u00e0 mesure, s&rsquo;est allong\u00e9e dans le temps : sortie \u00e0 la biblioth\u00e8que, au th\u00e9\u00e2tre, \u00e0 la Villette. Nous l&rsquo;avons emmen\u00e9 dans notre maison de campagne en Normandie durant les vacances d&rsquo;automne, sur un week-end.<\/h5>\n<h5 class=\"moz-quote-pre\">Et la premi\u00e8re semaine des vacances de No\u00ebl, nous l&#8217;emmenons \u00e0 Besan\u00e7on.<\/h5>\n<h5 class=\"moz-quote-pre\">Nous le voyons tous les 15 jours, et c&rsquo;est une bonne fr\u00e9quence pour la maman. Cela permet \u00e0 la maman d&rsquo;avoir un peu de temps pour elle. Nous avons une tr\u00e8s bonne relation avec elle.<\/h5>\n<h5 class=\"moz-quote-pre\">Notre filleul appr\u00e9cie beaucoup les moments que nous passons ensemble. Il s&rsquo;entend tr\u00e8s bien avec notre fille, qui a 2 ans de plus que lui.<\/h5>\n<h5 class=\"moz-quote-pre\">Celle-ci l&rsquo;appelle \u00ab\u00a0son fr\u00e8re de c\u0153ur\u00a0\u00bb. Ils aiment s&rsquo;amuser ensemble mais aussi \u00eatre chacun dans des activit\u00e9s diff\u00e9rentes.\u00a0\u00bb<\/h5>\n<h5 class=\"moz-quote-pre\"><\/h5>\n<h5 style=\"text-align: right;\">Une heureuse marraine<\/h5>\n<p><!--------------------------------------------------------------><br \/>\n<!--------------------------------------------------------------><\/p>\n<p id=\"excellent_concept\">\n<hr>\n<div style=\"margin-top:4.5em;\"><\/div>\n<h4 style=\"text-align: center;\"><span style=\"color: #0000ff;\">Le parrainage de proximit\u00e9 : un excellent concept, pas assez connu encore.<\/span><\/h4>\n<h5 class=\"moz-quote-pre\">Je suis tr\u00e8s heureuse d\u2019accueillir depuis quelques mois un petit bonhomme, (plac\u00e9 en maison d\u2019enfants) le week-end et bient\u00f4t durant les vacances ! Il apporte de la lumi\u00e8re suppl\u00e9mentaire dans ma vie et je crois bien que lui aussi est tr\u00e8s content de sortir de la collectivit\u00e9 bruyante de son foyer pour venir recevoir des attentions privil\u00e9gi\u00e9es juste pour lui, de l\u2019\u00e9coute, du soin, en gros ce dont un petit enfant peut b\u00e9n\u00e9ficier dans sa famille.<\/h5>\n<h5 class=\"moz-quote-pre\">D\u2019ailleurs il a pris tr\u00e8s vite sa place et d\u00e8s qu\u2019il repart, \u00e7a fait d\u00e9j\u00e0 un vide \u00e0 la maison et on a h\u00e2te de le revoir !<br \/>\nSi l\u2019association Un enfant, une famille n\u2019existait pas, on ne se serait jamais rencontr\u00e9&#8230;<\/h5>\n<h5 class=\"moz-quote-pre\">Quel dommage ! Merci \u00e0 vous d\u2019exister ! Vous apportez du soleil dans la vie de nombreuses personnes.<\/h5>\n<h5 style=\"text-align: right;\">Une marraine<\/h5>\n<p><!--------------------------------------------------------------><br \/>\n<!--------------------------------------------------------------><\/p>\n<p id=\"accompagnerunenfant\">\n<hr>\n<div style=\"margin-top:4.5em;\"><\/div>\n<h4 style=\"text-align: center;\"><span style=\"color: #0000ff;\">Accompagner un enfant<\/span><\/h4>\n<h5>Cherchant \u00e0 cr\u00e9er du lien de mani\u00e8re concr\u00e8te avec un enfant en construction, je me suis tourn\u00e9e au d\u00e9part vers le parrainage de proximit\u00e9 avec un grand entrain mais \u00e9galement des r\u00e9ticences : immense joie \u00e0 l\u2019id\u00e9e de rencontrer et de partager avec un enfant du temps, des activit\u00e9s mais \u00e9galement de transmettre des valeurs humaines me portant \u00e0 c\u0153ur.<\/h5>\n\n\t\t<style type=\"text\/css\">\n\t\t\t#gallery-1 {\n\t\t\t\tmargin: auto;\n\t\t\t}\n\t\t\t#gallery-1 .gallery-item {\n\t\t\t\tfloat: left;\n\t\t\t\tmargin-top: 10px;\n\t\t\t\ttext-align: center;\n\t\t\t\twidth: 100%;\n\t\t\t}\n\t\t\t#gallery-1 img {\n\t\t\t\tborder: 2px solid #cfcfcf;\n\t\t\t}\n\t\t\t#gallery-1 .gallery-caption {\n\t\t\t\tmargin-left: 0;\n\t\t\t}\n\t\t\t\/* see gallery_shortcode() in wp-includes\/media.php *\/\n\t\t<\/style>\n\t\t<div id='gallery-1' class='gallery galleryid-43 gallery-columns-1 gallery-size-thumbnail'><dl class='gallery-item'>\n\t\t\t<dt class='gallery-icon landscape'>\n\t\t\t\t<a href='https:\/\/unenfantunefamille.org\/index.php\/temoignages\/dessin_accompagner-un-enfant\/'><img loading=\"lazy\" decoding=\"async\" width=\"150\" height=\"150\" src=\"https:\/\/unenfantunefamille.org\/wp-content\/uploads\/2022\/01\/dessin_accompagner-un-enfant-150x150.jpg\" class=\"attachment-thumbnail size-thumbnail\" alt=\"\" \/><\/a>\n\t\t\t<\/dt><\/dl><br style=\"clear: both\" \/>\n\t\t<\/div>\n\n<h5>Peur de ne pas r\u00e9ussir \u00e0 cr\u00e9er et \u00e0 maintenir un lien sur le long terme, et m\u00eame de d\u00e9cevoir un enfant. Comment savoir sans se confronter \u00e0 cette rencontre ? Je me suis donc laiss\u00e9e tenter en mettant de c\u00f4t\u00e9 mes questionnements et je ne le regrette pas !<\/h5>\n<h5>Je suis la marraine d\u2019un petit gar\u00e7on de 4 ans depuis cette ann\u00e9e. Notre rencontre s\u2019est faite en douceur. L\u2019enfant reste honn\u00eate et sinc\u00e8re dans ses interactions : c\u2019est lui qui vous ouvre les portes de son univers et vous accorde sa confiance. Les r\u00e9flexions pass\u00e9es sont vite balay\u00e9es par les gestes, les paroles et l\u2019attachement de l\u2019enfant. Si le lien ne se construit pas, il reste tout \u00e0 fait possible de rencontrer un autre enfant.<\/h5>\n<h5>Le grand plus de l\u2019association compos\u00e9e d\u2019anciens ou d\u2019actuels parrains\/marraines est l\u2019exp\u00e9rience, l\u2019accueil, l\u2019accompagnement constant, notamment psychologique.<\/h5>\n<h5>Que vous parrainiez un enfant ou un adolescent, que celui- ci vive en famille ou au sein d\u2019un foyer, n\u2019h\u00e9sitez pas \u00e0 vous lancer dans ce projet de c\u0153ur !<\/h5>\n<h5 style=\"text-align: right;\">Le\u00efla<\/h5>\n<p><!--------------------------------------------------------------><br \/>\n<!--------------------------------------------------------------><\/p>\n<p id=\"parlamain\">\n<hr>\n<div style=\"margin-top:4.5em;\"><\/div>\n<h4 style=\"text-align: center;\"><span style=\"color: #0000ff;\">Quand un enfant vous prend par la main<\/span><\/h4>\n<h5>Il y eut d\u2019abord cette premi\u00e8re fois\u2026 il y a tout juste un mois. C\u2019est important dans la vie les premi\u00e8res fois, quelque soit l\u2019\u00e2ge que l\u2019on a, m\u00eame si elles se font de plus en plus rare au fur et \u00e0 mesure que le temps passe.<br \/>\nDonc cette premi\u00e8re fois o\u00f9 nous avons vu appara\u00eetre dans l\u2019embrasure de la porte un petit gar\u00e7on de 4 ans et demi, A. , accompagn\u00e9 de sa maman. Premi\u00e8re impression ; il a une bouille marrante avec ses petites lunettes.<\/h5>\n<h5 style=\"margin-bottom: 0em;\">Nous \u00e9tions chez Claudine et Jean-Fran\u00e7ois pour ce premier contact. Pr\u00e9sentation\u2026 propos assez banals\u2026 de toutes fa\u00e7ons la maman a d\u00e9j\u00e0 fait parrainer son a\u00een\u00e9, donc elle conna\u00eet bien le parrainage. Quant \u00e0 nous, couple banal mari\u00e9, uni depuis plus de 30 ans\u2026 ah oui\u2026 j\u2019oubliais\u2026. couple form\u00e9 de deux personnes de m\u00eame sexe, deux hommes. Nous sommes engag\u00e9s dans cette d\u00e9marche de parrainage depuis plus de 2 ans avec plusieurs associations et nous avons multipli\u00e9 les entretiens, les r\u00e9unions et les visites \u00e0 notre domicile. Donc le parrainage est une d\u00e9marche \u00e9galement tr\u00e8s claire pour nous. <a href= \"\" class=\"hh5 \" id=\"bouton_Melchior1\" onclick = \"javascript:afficher_cacher('Melchior1','(...)',' <= ');return false; \" > (...) <\/a><\/h5>\n<div><div id=\"Melchior1\" style=\"display: none; margin-left:5%;margin-top:0em;padding-top:0em;\" class=\"h6\"><br \/>\nSeul hic au cours de cette r\u00e9union le petit A. reste silencieux\u2026 pas un murmure. il ne s\u2019int\u00e9resse pas non plus \u00e0 la caisse de jouets que Jean-Fran\u00e7ois a mis \u00e0 sa disposition.<br \/>\nJe vois le gamin, assis au fond canap\u00e9, \u00e0 c\u00f4t\u00e9 de sa maman, un peu perdu dans ses r\u00eaveries, entrain de \u00ab jouer \u00bb \u00e0 enlever les bouloches de son cache-cou. Je tente une approche\u2026 je vais m\u2019asseoir \u00e0 c\u00f4t\u00e9 de lui en me ratatinant dans le canap\u00e9 pour \u00eatre \u00e0 son niveau et je l\u2019accompagne dans son jeu. J\u2019aurais le droit \u00e0 cet apr\u00e8s-midi l\u00e0 \u00e0 un premier \u00e9change de regards ; je n\u2019obtiendrai pas plus.<\/div><\/div>\n<h5>Rendez-vous est pris avec la maman et quelques jours plus tard ils viennent passer l\u2019apr\u00e8s-midi chez nous. Nous avons vid\u00e9 le salon des objets fragiles, d\u00e9pos\u00e9 par terre des jouets et des livres pour enfants. M\u00eame si le regard n\u2019est plus fuyant, A. reste sombre et silencieux. <a href= \"\" class=\"hh5 \" id=\"bouton_Melchior2\" onclick = \"javascript:afficher_cacher('Melchior2','(...)',' <= ');return false; \" > (...) <\/a><\/h5>\n<div><div id=\"Melchior2\" style=\"display: none;  \" class=\"h5\"><br \/>\nTu as soif ? Tu veux encore de la salade de fruits\u2026? M\u00eame \u00e0 sa m\u00e8re, il ne r\u00e9pond qu\u2019avec des hochements de t\u00eate. Apr\u00e8s le go\u00fbter A. se d\u00e9cide \u00e0 explorer les jouets par terre. Son choix se porte sur la p\u00e2te \u00e0 modeler et nous passerons un long moment \u00e0 jouer ensemble.<br \/>\nA l\u2019issue de cette visite nous contactons la maman pour avoir un retour. La maman nous assure que A. est tr\u00e8s content d\u2019avoir deux parrains, qu\u2019il a racont\u00e9 en d\u00e9tail son apr\u00e8s-midi \u00e0 son fr\u00e8re. A. serait un grand bavard ? Nous sommes dubitatifs.<br \/>\n<\/div><\/div>\n<h5>Troisi\u00e8me rencontre quelques jours plus tard. Il fait beau\u2026 ballade au parc. La maman nous propose de laisser A., seul avec nous, pendant une heure. Nous nous asseyons sur l\u2019herbe\u2026 zut nous n\u2019avons pas pr\u00e9vu de tapis \u00e0 mettre par terre et A. , tr\u00e8s soucieux de propret\u00e9, h\u00e9site \u00e0 se poser. Nous le rassurons. Petit go\u00fbter impromptu, lecture de la Reine des Neiges, dessins avec l\u2019ardoise magique, jeux avec des morceaux de bois ramass\u00e9s par terre\u2026 les \u00e9changes de regards se font plus nombreux, mais pas de rire d\u2019enfant, pas de bisou avant de nous quitter\u2026 et A. est rest\u00e9 muet<br \/>\nNous sommes un peu d\u00e9contenanc\u00e9s. La maman encore une fois nous rassure. <a href= \"\" class=\"hh5 \" id=\"bouton_Melchior3\" onclick = \"javascript:afficher_cacher('Melchior3','(...)',' <= ');return false; \" > (...) <\/a><\/h5>\n<div><div id=\"Melchior3\" style=\"display: none; margin-left:5%;\" class=\"h5\"><br \/>\nOn se revoit tr\u00e8s vite pour que A. s\u2019habitue \u00e0 nous. Je vais le chercher chez lui. D\u00e8s l\u2019arriv\u00e9e je vois un gamin souriant qui n\u2019a qu\u2019une h\u00e2te c\u2019est de me pr\u00e9senter son univers : sa chambre, qu\u2019il partage avec son fr\u00e8re, son lit, ses livres, ses jouets. Je lui pose des questions, il me r\u00e9pond ! Nous avons fait un grand pas l\u2019un vers l\u2019autre.<br \/>\nCet apr\u00e8s-midi l\u00e0 nous sommes allez voir une exposition de repr\u00e9sentations de sc\u00e8nes des fables de Lafontaine avec des l\u00e9gos. A. veut qu\u2019on lui lise tous les cartels, il s\u2019amuse \u00e0 reconna\u00eetre les lettres ; il court d\u2019une vitrine \u00e0 l\u2019autre, il rit. Mais que quelqu\u2019un s\u2019approche pour lui demander si l\u2019exposition lui pla\u00eet et il se ferme comme une hu\u00eetre, le regard redevient sombre et le sourire ne r\u00e9appara\u00eet que lorsque la personne \u00e9trang\u00e8re \u00e0 son univers s\u2019\u00e9loigne et qu\u2019il se sente de nouveau en confiance. Voil\u00e0 un des traits de caract\u00e8re de A. <\/div><\/p>\n<h5>Depuis on se voit souvent. A. a pris ses marques chez nous. Il conna\u00eet par c\u0153ur le chemin depuis l\u2019arr\u00eat de bus. Il a son \u00e9tag\u00e8re avec ses livres, un espace pour ranger ses jouets\u2026 et plus besoin d\u2019enlever tous les bibelots fragiles ! Il fait attention.<br \/>\nSa maman nous dit que nous avons de la chance\u2026 en d\u00e9but d\u2019ann\u00e9e scolaire il a mis trois mois pour \u00eatre \u00e0 l\u2019aise avec sa ma\u00eetresse. Nous sommes fiers\u2026 il nous a adopt\u00e9s tr\u00e8s vite.<\/h5>\n<h5>Merci \u00e0 la maman pour la confiance qu\u2019elle nous accorde.<\/h5>\n<p><!--------------------------------------------------------------><br \/>\n<!--------------------------------------------------------------><\/p>\n<p id=\"Rencontre\">\n<hr>\n<div style=\"margin-top:4.5em;\"><\/div>\n<h4 style=\"text-align: center;\"><span style=\"color: #0000ff;\">La rencontre<\/span><\/h4>\n<h5>Cela fait maintenant 1 an et demi que nous accueillons notre petite prot\u00e9g\u00e9. Elle vient \u00e0 raison de 2 we par moi. Elle sait que dans la difficult\u00e9 nous resterons pr\u00e9sents, nous lui apportons autant qu\u2019elle nous apporte. Partage, \u00e9change, r\u00e9silience sont les mots qui caract\u00e9risent cet action. Ces visites nous semblent \u00eatre une goutte d\u2019eau dans la mer mais nous restons persuad\u00e9 que si chacun contribuait ainsi la vie serait plus belle pour ces enfants<\/h5>\n<h5 style=\"text-align: right;\">Laetitia et Alexandre<\/h5>\n<p id=\"Valeria\">\n<hr>\n<div style=\"margin-top: 4.5em;\"><\/div>\n<h4 style=\"text-align: center;\"><span style=\"color: #0000ff;\">Encore un parrainage dans la dur\u00e9e<\/span><\/h4>\n<h5>Merci pour vos v\u0153ux. A mon tour de vous souhaiter une ann\u00e9e 2021 aussi heureuse que possible dans ce contexte.<\/h5>\n<h5>Nous avons pass\u00e9 No\u00ebl 2020, chez notre filleule Val\u00e9ria, entour\u00e9e de ses 3 enfants, de son compagnon, de son fr\u00e8re John (\u00e9galement mon filleul) et de leur grand-p\u00e8re.<\/h5>\n<h5>Un parrainage qui c\u00e9l\u00e9brera bient\u00f4t son 22\u00e8me anniversaire.<\/h5>\n<h5 style=\"text-align: right;\">Isabelle et Christian<\/h5>\n<p><!--------------------------------------------------------------><br \/>\n<!--------------------------------------------------------------><\/p>\n<p id=\"Oumar\">\n<hr>\n<div style=\"margin-top:4.5em;\"><\/div>\n<h4 style=\"text-align: center;\"><span style=\"color: #0000ff;\">Le parrainage d&rsquo;une int\u00e9gration r\u00e9ussie<\/span><\/h4>\n<h5>Depuis la C\u00f4te d&rsquo;Ivoire Oumar rejoint la Libye puis l&rsquo;Italie ou il ne trouve pas les possibilit\u00e9s d\u2019\u00e9volution dont il r\u00eave et qu\u2019il quitte donc apr\u00e8s quelques mois pour rejoindre la France. Il a alors 15 ans et est pris en charge par l&rsquo;association \u00ab\u00a0Le Lien Yvelinois\u00a0\u00bb qui g\u00e8re les Mineurs Non Accompagn\u00e9s pour le compte du d\u00e9partement des Yvelines. L&rsquo;\u00e9ducatrice du \u00ab\u00a0Lien\u00a0\u00bb qui se rend compte du potentiel d&rsquo;Oumar l\u2019inscrit dans un lyc\u00e9e de Versailles et apr\u00e8s quelques mois et \u00e0 sa demande lui recherche un parrain de proximit\u00e9. Elle s\u2019adresse \u00e0 \u00ab&nbsp;Un enfant, Une famille&nbsp;\u00bb qui organise une rencontre avec le parrain potentiel que je suis. Apr\u00e8s que chacun de nous ait pr\u00e9sent\u00e9 un r\u00e9sum\u00e9 de son histoire nous d\u00e9cidons de relever le d\u00e9fi de devenir parrain et filleul.<\/h5>\n<h5>Nous avons alors peu \u00e0 peu construit la confiance r\u00e9ciproque que suppose ce parrainage en partageant des loisirs touristiques culturels ou sportifs mais aussi par des discussions de toute nature sur tous les sujets dont bien s\u00fbr la vision qu\u2019Oumar se fait de son avenir. Intelligent et d\u00e9termin\u00e9 Oumar a toujours obtenu d\u2019excellentes notes et appr\u00e9ciations de ses professeurs et pouvait l\u00e9gitimement pr\u00e9tendre poursuivre des \u00e9tudes dans son domaine de pr\u00e9dilection, le commerce. Nous avons donc cherch\u00e9 ensemble une formation en alternance dans ce domaine. Oumar a pu ainsi pr\u00e9parer un bac pro commerce en alternance avec un apprentissage dans une concession automobile. Les tr\u00e8s bons r\u00e9sultats obtenus par Oumar durant les deux ann\u00e9es de pr\u00e9paration de son bac lui ont permis de l\u2019obtenir avec la mention bien en juin dernier et de pouvoir ainsi soumettre son dossier pour pr\u00e9parer en alternance un BTS Management Commercial Op\u00e9rationnel \u00e0 l\u2019un des meilleurs lyc\u00e9es professionnels des Yvelines. Son dossier a \u00e9t\u00e9 accept\u00e9 et il a \u00e9t\u00e9 parall\u00e8lement retenu pour un apprentissage dans une grande cha\u00eene de distribution alimentaire.<\/h5>\n<h5>Aujourd\u2019hui Oumar qui vient d\u2019avoir 18 ans est totalement autonome, gagne sa vie, loue un studio qu\u2019il a am\u00e9nag\u00e9. Il est par ailleurs un sportif \u00e9m\u00e9rite, passionn\u00e9 de football qu\u2019il pratique \u00e0 un excellent niveau et son \u00e9quipe a \u00e9t\u00e9 class\u00e9e seconde de sa cat\u00e9gorie dans le d\u00e9partement des Yvelines \u00e0 la fin de la derni\u00e8re saison. Oumar a r\u00e9ussi son code de la route et attend la fin du confinement pour reprendre les cours de conduite automobile qu\u2019il a commenc\u00e9 \u00e0 prendre.<br \/>\nJe suis un parrain heureux et tr\u00e8s fier des succ\u00e8s d\u2019Oumar et je pense qu\u2019il a largement les moyens de son ambition d\u2019aller au-del\u00e0 du BTS et de cr\u00e9er un jour sa propre entreprise sans doute dans le domaine de l\u2019import export avec son pays d\u2019origine.<\/h5>\n<h5 style=\"text-align: right;\">Jean-Claude, parrain d\u2019Oumar<\/h5>\n<p><!--------------------------------------------------------------><br \/>\n<!--------------------------------------------------------------><\/p>\n<p id=\"MarieLuce\">\n<hr>\n<div style=\"margin-top:4.5em;\"><\/div>\n<h4 style=\"text-align: center;\"><span style=\"color: #0000ff;\">Le tout d\u00e9but d\u2019un parrainage<\/span><\/h4>\n<h5>J\u2019ai rencontr\u00e9 l\u2019association de parrainage de proximit\u00e9 \u00ab&nbsp;un enfant une famille&nbsp;\u00bb au forum des associations de ma commune. J\u2019ai tout de suite \u00e9t\u00e9 interpell\u00e9e. De retour \u00e0 la maison, j\u2019en ai discut\u00e9 avec mon mari et nous avons eu envie de nous lancer dans cette aventure. En effet, l\u2019entraide nous tiens \u00e0 c\u0153ur, et nous avons vu en l\u2019association un moyen d\u2019aider \u00e0 notre petite \u00e9chelle pour lutter contre les injustices sociales. Vivre au quotidien avec nos 3 enfants, maintenant grands, a \u00e9t\u00e9 une exp\u00e9rience d\u2019enrichissement mutuelle extr\u00eamement forte. Aussi, aider un enfant qui n\u2019a pas eu la m\u00eame chance nous a paru important. En devenant parrain de proximit\u00e9, nous pourrions lui apporter une attention particuli\u00e8re dans la continuit\u00e9, lui permettre de d\u00e9couvrir un environnement familial, de s\u2019\u00e9panouir en lui proposant de nouvelles activit\u00e9s, de partager de bons moments ensemble, lui apporter une ouverture d\u2019esprit sur le monde, l\u2019entourer et l\u2019accompagner dans ses pr\u00e9occupations\u2026 Finalement, nous voyons cela comme une exp\u00e9rience de partage et d\u2019enrichissement autant pour lui que pour nous, comme cela l\u2019a \u00e9t\u00e9 avec nos enfants.<\/h5>\n<h5>Nous avons particip\u00e9 \u00e0 une premi\u00e8re sortie organis\u00e9e par l\u2019association pour les parrains accompagn\u00e9s de leurs filleuls, permettant de faire connaissance et d\u2019\u00e9changer sur les exp\u00e9riences de chacun.<\/h5>\n<h5>Puis, Claudine et Jean Pierre, responsables \u00e0 l\u2019association, sont venus nous rencontrer chez nous afin de mieux nous connaitre, de r\u00e9pondre \u00e0 nos questions et de mieux cerner nos motivations.Ils nous ont alors parl\u00e9 d\u2019un foyer proche de notre domicile. Plusieurs enfants de ce foyer avaient d\u00e9j\u00e0 \u00e9t\u00e9 parrain\u00e9s par l\u2019association.<\/h5>\n<h5>Avec le Covid, une ann\u00e9e s\u2019est pass\u00e9e sans pouvoir entrevoir la possibilit\u00e9 de commencer un parrainage, puis, en septembre nous avons \u00e9t\u00e9 heureux de savoir qu\u2019un enfant, un gar\u00e7on \u00e2g\u00e9 de 12 ans, retir\u00e9 de sa famille \u00e0 l\u2019\u00e2ge de 5 ans, vivant en foyer depuis d\u00e9j\u00e0 5 ann\u00e9es, pourrait peut-\u00eatre devenir notre filleul. En effet sachant qu\u2019il vivrait jusqu\u2019\u00e0 sa majorit\u00e9 en institution, le foyer a pens\u00e9 que le moment \u00e9tait venu pour lui d\u2019\u00e9tablir des liens ext\u00e9rieurs, de retrouver un univers familial qui pourrait lui apporter une autre ouverture sur le monde, le sortir de temps en temps de sa vie en collectivit\u00e9.Nous avons accept\u00e9 de rencontrer le directeur et la psychologue du foyer.Ils sont alors venus \u00e0 notre domicile et nous ont parl\u00e9 de leur petit prot\u00e9g\u00e9. Nous avons pu librement \u00e9changer et nous avons eu envie de venir le rencontrer sur son lieu de vie, au foyer. Cette premi\u00e8re visite devait nous permettre de faire mutuellement connaissance, de voir si nous avions des 2 cot\u00e9s envie de commencer \u00ab un parrainage \u00bb.<\/h5>\n<h5>Malgr\u00e9 une petite appr\u00e9hension, car nous nous demandions comment nous allions nous pr\u00e9senter, comment allait il r\u00e9agir, aurait il envie de faire plus ample connaissance avec nous, la premi\u00e8re entrevue a \u00e9t\u00e9 tr\u00e8s positive.Nous nous sommes vus dans unesalle conviviale du foyer en compagnie de son \u00e9ducatrice et de la psychologue.Nous avons pu r\u00e9pondre \u00e0 ses questions sur notre m\u00e9tier, nos enfants, notre maison, nos loisirs, et nous de notre c\u00f4t\u00e9 le questionner sur son quotidien, les activit\u00e9s qu\u2019il aimait faire\u2026 la conversation est devenue de plus en plus naturelle jusqu\u2019\u00e0 pouvoir plaisanter et rire ensemble. Le courant \u00e9tait pass\u00e9 et nous avions l\u2019envie mutuelle de nous revoir. Ult\u00e9rieurement, nous avons convenu d\u2019une date o\u00f9 il devait venir, cette fois chez nous, accompagn\u00e9 de son \u00e9ducatrice pour un gouter. Malheureusement le Covid a emp\u00each\u00e9 cette rencontre car entre temps des enfants du foyer ont \u00e9t\u00e9 contamin\u00e9s. Nous attendons donc ce 2eme rendez-vous en esp\u00e9rant qu\u2019il sera suivi de bien d\u2019autres rendez vous nous permettant de faire un bout de chemin ensemble et de pouvoir lui apporter un petit plus dans sa vie d\u2019enfant et de futur adulte.<\/h5>\n<h5 style=\"text-align: right;\">T\u00e9moignage de Marie Luce et Bernard<\/h5>\n<p><!--------------------------------------------------------------><br \/>\n<!--------------------------------------------------------------><\/p>\n<p id=\"Reine\">\n<hr>\n<div style=\"margin-top:4.5em;\"><\/div>\n<h4 style=\"text-align: center;\"><span style=\"color: #0000ff;\">Parrainage d&rsquo;une enfant handicap\u00e9e<\/span><\/h4>\n<h5 style=\"text-align: left;\">Maintenant depuis quelques ann\u00e9es, nous habitons Angers.<br \/>\nNous continuons \u00e0 recevoir notre filleule Reine et bravons toutes les difficult\u00e9s li\u00e9es \u00e0 son pays d\u2019origine, sa nationalit\u00e9, sa famille tuteur l\u00e9gal, le centre de Gonesse o\u00f9 elle est interne afin de tout mettre en \u0153uvre pour son bonheur. Entre la Marne, l\u2019ouest de la France et Paris et toutes les complications d\u2019organisation que cela implique&nbsp;!<br \/>\nReine est toujours tr\u00e8s proches de nos gar\u00e7ons m\u00eame grands ils restent fr\u00e8res et s\u0153urs de c\u0153ur. Voil\u00e0 14 ans que cette belle histoire dure et nous sommes tous ravis et enrichis par cette aventure.<\/h5>\n<h5 style=\"text-align: right;\"><em>Christelle, son mari et ses enfants <\/em><\/h5>\n<p><!--------------------------------------------------------------><br \/>\n<!--------------------------------------------------------------><\/p>\n<p id=\"Sephora\">\n<hr>\n<div style=\"margin-top:4.5em;\"><\/div>\n<h4 style=\"text-align: center; color: #0000ff;\">Un parrainage depuis presque 30 ans<\/h4>\n<h5>S\u00e9phora a aujourd&rsquo;hui 31 ans.<br \/>\nNous la parrainons depuis novembre 1991.<br \/>\nUn week end sur 2, nous allions la chercher et la ramenions chez sa maman, sauf durant les cong\u00e9s scolaires.<br \/>\nNous avons \u00e9t\u00e9 tr\u00e8s vigilants sur le respect de ce rythme pour que S\u00e9phora soit en confiance.<br \/>\nChez nous elle a \u00e9t\u00e9 \u00ab\u00a0accueillie\u00a0\u00bb pour trouver un espace de r\u00e9pit, ne faisant les t\u00e2ches m\u00e9nag\u00e8res avec nos enfants que lorsqu&rsquo;elle en avait envie.<br \/>\nCeux ci ( 3 puis 4 gar\u00e7ons) la consid\u00e9raient comme leur soeur, ainsi que par le reste de notre famille qui l&rsquo;a tr\u00e8s bien accept\u00e9e.<br \/>\nNous lui f\u00eations ses anniversaires et elle participait \u00e0 toutes nos f\u00eates familiales.<br \/>\nSi nous l&rsquo;avons aid\u00e9e durant la primaire, nous avons \u00e9t\u00e9 plus attentifs durant le coll\u00e8ge et le lyc\u00e9e. Nous avions des contacts avec les \u00e9quipes enseignantes, surtout du fait que S\u00e9phora a \u00e9t\u00e9 plac\u00e9e en foyer lorsque sa m\u00e8re n&rsquo;a plus \u00e9t\u00e9 capable de s&rsquo;occuper d&rsquo;elle<br \/>\nA son passage en terminale elle a souhait\u00e9 aller en foyer de jeunes travailleurs dans le 14\u00e8, \u00e0 Paris. Elle n&rsquo;a pas r\u00e9ussi son bac et a commenc\u00e9 \u00e0 avoir des difficult\u00e9s.<br \/>\nAu bout d&rsquo;un moment d&rsquo;errance et de logement chez ses 3 soeurs, elle finit par suivre avec succ\u00e8s une formation professionnalisante.<br \/>\nS\u00e9phora habite maintenant en Belgique avec son ami, et elle garde des contacts chaleureux , avec nous et le reste de la famille.<\/h5>\n<p><!--------------------------------------------------------------><br \/>\n<!--------------------------------------------------------------><\/p>\n<p id=\"Randolf\">\n<hr>\n<div style=\"margin-top:4.5em;\"><\/div>\n<h4 style=\"text-align: center;\"><span style=\"color: #0000ff;\">T\u00e9moignage de parrain<\/span><\/h4>\n<h5>\u00ab Mon exp\u00e9rience de 25 ans d\u2019adh\u00e9sion \u00e0 Un Enfant une Famille m\u2019a ouvert le monde fascinant du parrainage d\u2019enfant. Le couronnement de ces exp\u00e9riences enrichissantes se traduit dans cette photo ci-dessous : ma premi\u00e8re rencontre avec la fille de mon filleul. J\u2019ai accompagn\u00e9 son p\u00e8re plus ou moins r\u00e9guli\u00e8rement pendant 25 ans.\u00bb<\/h5>\n<div class=\"hh4\"><\/div>\n<div class=\"hh4\">\n<p style=\"text-align: center;\">Randolf Gr\u00e4nzer<\/p>\n<\/div>\n<h3 style=\"text-align: center;\"><img loading=\"lazy\" decoding=\"async\" class=\"size-medium wp-image-701 aligncenter\" src=\"http:\/\/unenfantunefamille.org\/wp-content\/uploads\/2016\/10\/Randolf-et-la-fille-de-son-filleul2-300x221.jpg\" alt=\"randolf-et-la-fille-de-son-filleul2\" width=\"300\" height=\"221\"><\/h3>\n<p><!---------------------------------------------------------------><br \/>\n<!---------------------------------------------------------------><\/p>\n<p id=\"Zainaba\">\n<hr>\n<div style=\"margin-top:4.5em;\"><\/div>\n<h4 style=\"text-align: center;\"><span style=\"color: #0000ff;\">Une maman t\u00e9moigne<\/span><\/h4>\n<h5>Za\u00efnaba m\u00e8re de&nbsp; Yasser et Dounia<\/h5>\n<h5>J&rsquo;ai d\u00e9couvert le parrainage de proximit\u00e9 gr\u00e2ce \u00e0 un article dans vies de familles de la CAF en 2008. Mes&nbsp; enfants sont parrain\u00e9s par Yves depuis mai 2009 gr\u00e2ce \u00e0 Un Enfant Une Famille. Yves pense que le parrainage, ce sont des moments de partage entre lui et les enfants. Pour moi c&rsquo;est une aide \u00e0 la parentalit\u00e9 indispensable toutes ces ann\u00e9es. Je partage toujours avec lui les d\u00e9cisions que je prends pour les enfants. Un week-end sur deux,&nbsp; les vacances d\u00e9s qu&rsquo;il pouvait,cela m&rsquo;a permis de confier mes enfants en toute confiance et prendre un bol air, faire des choses uniquement pour moi.<\/h5>\n<h5 dir=\"ltr\" data-setdir=\"false\">Yves a non seulement ouvert sa vie aux enfants mais aussi celle de sa famille, une richesse pour mes enfants.Yasser a 20ans Dounia 14 ans, le parrainage a chang\u00e9 de forme mais continue.<\/h5>\n<h5>Aujourd&rsquo;hui, Yves est plus qu&rsquo;un parrain, c&rsquo;est un membre de notre famille. J&rsquo;aime penser qu&rsquo;un jour les enfants seront l\u00e0 pour Yves en retour.<\/h5>\n<h5>Merci \u00e0 Un Enfant Une Famille qui a mit sur notre chemin notre \u00ab\u00a0Ange gardien\u00a0\u00bb.<\/h5>\n<p><!---------------------------------------------------------------><br \/>\n<!---------------------------------------------------------------><\/p>\n<p id=\"Chau\">\n<hr>\n<div style=\"margin-top:4.5em;\"><\/div>\n<h4 style=\"text-align: center;\"><span style=\"color: #0000ff;\">Ce parrainage a tout chang\u00e9<\/span><\/h4>\n<h5 class=\"hh4\">Je m&rsquo;appelle Ch\u00e2u, j&rsquo;ai 40 ans. J&rsquo;ai \u00e9t\u00e9 parrain\u00e9e en 97 par Marie-Chantal Sabatier. A temps plein : elle m&rsquo;a accueillie pendant 7 ans dans sa maison. Je suis arriv\u00e9e en France sans famille, sans papier, je ne parlais pas un mot de fran\u00e7ais \u2026 donc gr\u00e2ce \u00e0 elle ma vie a \u00e9t\u00e9 transform\u00e9e. J&rsquo;ai appris le fran\u00e7ais j&rsquo;ai d\u00e9couvert la France, repris la scolarit\u00e9, j\u2019ai pu r\u00e9gulariser ma situation administrative\u2026 J&rsquo;ai pu m&rsquo;envoler de mes propres ailes gr\u00e2ce \u00e0 son aide \u00e0 l&rsquo;\u00e9poque, me marier, avoir des enfants, un travail, une stabilit\u00e9\u2026<\/h5>\n<h5 class=\"hh4\">Comment l\u2019ai je rencontr\u00e9e ? J\u2018ai \u00e9t\u00e9 accueillie par l\u2019assistante sociale, puis l\u2019ASE, l\u2019aide sociale \u00e0 l&rsquo;enfance, qui m&rsquo;a confi\u00e9e dans une maison d\u2019enfants situ\u00e9e \u00e0 Gennevilliers, la Passerelle 92. La Passerelle m\u2019a pr\u00e9sent\u00e9 l\u2019association Un enfant Une Famille, association de parrainage de proximit\u00e9 qui m&rsquo;a trouv\u00e9 cette marraine dans le 6e arrondissement de Paris.<\/h5>\n<h5 class=\"hh4\">Elle d\u00e9sirait accueillir un petit gar\u00e7on au d\u00e9part, et puis voil\u00e0 quand elle m&rsquo;a rencontr\u00e9e, et qu\u2019elle a connu mon histoire, elle m&rsquo;a aid\u00e9e.<\/h5>\n<h5 class=\"hh4\">On s\u2019est vu la 1ere fois lors d\u2019un weekend en juillet 97, on s\u2019est balad\u00e9 en v\u00e9lo et on pique-niquait au Champs de Mars avec deux de ses amies. Apr\u00e8s, je suis repartie en Bretagne dans ma famille d\u2019accueil de vacances, puis au mois d\u2019ao\u00fbt, je suis partie faire la randonn\u00e9e en Haute Savoie avec Marie Chantal et sa m\u00e8re, puis je suis revenue habiter chez elle \u00e0 la rentr\u00e9e. J&rsquo;\u00e9tais un peu perdue au d\u00e9part, mais elle m&rsquo;a mise en confiance et elle m&rsquo;a rassur\u00e9e.<\/h5>\n<h5 class=\"hh4\">Elle m\u2019a transmis l\u2019amour du fran\u00e7ais, le go\u00fbt de d\u00e9couvrir le monde \u2026 Et sa g\u00e9n\u00e9rosit\u00e9 ! Sa famille m\u2019a accueillie en tant que filleule. Pour sa m\u00e8re, j&rsquo;\u00e9tais sa petite fille.<br \/>\nDonc, apr\u00e8s le d\u00e9c\u00e8s de ma marraine en 2011, je suis rest\u00e9e en contact avec sa famille. Je suis invit\u00e9e avec ma famille \u00e0 participer \u00e0 la f\u00eate de No\u00ebl et on est aussi invit\u00e9 quand il y a une f\u00eate d&rsquo;anniversaire. Par ailleurs, on passe de temps en temps dans la maison familiale de vacances.<\/h5>\n<h5 class=\"hh4\">Gr\u00e2ce \u00e0 cette rencontre avec ma marraine, toute ma vie a \u00e9t\u00e9 transform\u00e9e. Elle \u00e9tait contente de m&rsquo;aider, et moi j&rsquo;ai eu la chance de pouvoir la rendre heureuse\u2026 Toutes les deux \u00e9tions contentes de nous retrouver, de nous rencontrer sur le chemin de notre vie.<\/h5>\n<h5 class=\"hh4\">Je suis depuis des ann\u00e9es membre au Conseil d\u2019Administration d\u2019Un Enfant Une Famille, je m&rsquo;occupe du c\u00f4t\u00e9 administratif de l&rsquo;association, je participe \u00e0 la promotion du parrainage de proximit\u00e9 en parlant dans les mairies, dans les communes du 92 o\u00f9 j&rsquo;habite actuellement, dans les cabinets m\u00e9dicaux, chez les commer\u00e7ants, chez les connaissances aussi.<\/h5>\n<h5 class=\"hh4\">J&rsquo;aimerais bien qu&rsquo;il y ait d&rsquo;autres gens qui puissent faire partie de l&rsquo;association, pour donner une chance \u00e0 des jeunes qui sont dans la m\u00eame situation que moi, voire pire, en cherchant d&rsquo;autres parrains-marraines pour ces enfants.<\/h5>\n<p><!---------------------------------------------------------------><br \/>\n<!---------------------------------------------------------------><\/p>\n<p id=\"Sonia\">\n<hr>\n<div style=\"margin-top:4.5em;\"><\/div>\n<h4 style=\"text-align: center;\"><span style=\"color: #0000ff;\">Comment dire \u00e0 un enfant qu\u2019on est pr\u00e9sent pour lui<\/span><\/h4>\n<h5 class=\"hh4\">Comment dire \u00e0 un enfant qu\u2019on est pr\u00e9sent pour lui et qu\u2019il pourra compter sur nous, s\u2019il n\u2019existe entre lui et nous-m\u00eames aucun lien de parent\u00e9 ?<\/h5>\n<h5 class=\"hh4\">Pour Sonia, alors \u00e2g\u00e9e de cinq ans, qui se trouvait dans un Centre de r\u00e9\u00e9ducation \u00e0 la suite de mauvais traitements ayant conduit \u00e0 une h\u00e9mipl\u00e9gie et \u00e0 de graves s\u00e9quelles c\u00e9r\u00e9brales, j\u2019avais d\u00e9cid\u00e9 de m\u2019appeler \u00ab marraine \u00bb. Je n\u2019y avais pas r\u00e9fl\u00e9chi \u00e0 l\u2019avance, mais je sentais que l\u2019enfant avait besoin d\u2019une d\u00e9nomination claire et rassurante qui ne soit pas en concurrence avec le mot \u00ab maman \u00bb. Ce mot couvrait en effet pour elle l\u2019objet de tous les d\u00e9sirs au point que la jeune femme qu\u2019il concernait en \u00e9tait effray\u00e9e. Elle ne s\u2019\u00e9tait jamais sentie capable d\u2019exercer cette fonction, tout en souhaitant le mieux pour sa petite fille.<\/h5>\n<h5 class=\"hh4\">A l\u2019\u00e2ge de deux ans et demi, la petite fille est arriv\u00e9e au Relais Parental \u00ab La Passerelle 92 \u00bb, amen\u00e9e par une maman qui nous a rapidement fait confiance et qui, malgr\u00e9 son parcours chaotique, venait la voir assez souvent. Mais, \u00e0 l\u2019\u00e2ge de quatre ans, pendant une longue absence de la m\u00e8re \u00e0 l\u2019\u00e9tranger, une jeune femme se disant la \u00ab copine \u00bb de cette derni\u00e8re demanda \u00e0 sortir Sonia. C\u2019est \u00e0 ce moment que nous fumes amen\u00e9s \u00e0 demander au juge des enfants une mesure de protection pour Sonia.<\/h5>\n<h5 class=\"hh4\">La suite est difficile \u00e0 raconter. Au seuil des vacances d\u2019\u00e9t\u00e9, elle fut confi\u00e9e par l\u2019Aide Sociale \u00e0 l\u2019Enfance \u00e0 un Placement familial sp\u00e9cialis\u00e9 qui l\u2019installa dans une famille d\u2019accueil nouvellement recrut\u00e9e. En octobre de la m\u00eame ann\u00e9e, sa maman nous apprit qu\u2019elle \u00e9tait hospitalis\u00e9e en Service de soins d\u2019urgence. Nous l\u2019y avons retrouv\u00e9e dans le coma, gravement maltrait\u00e9e et viol\u00e9e par le p\u00e8re de la famille d\u2019accueil.<\/h5>\n<h5 class=\"hh4\">Pendant son s\u00e9jour d\u2019environ un an dans un Centre de R\u00e9\u00e9ducation de la r\u00e9gion parisienne, j\u2019ai rendu visite \u00e0 Sonia chaque samedi, \u00e0 moins qu\u2019une ambulance ne l\u2019am\u00e8ne pour quelques heures \u00e0 la Passerelle 92. Un petit groupe d\u2019amis s\u2019\u00e9tait form\u00e9 autour d\u2019elle et devint son comit\u00e9 d\u2019accueil r\u00e9gulier. Compos\u00e9 d\u2019employ\u00e9s et de personnes b\u00e9n\u00e9voles de la Passerelle, il a continu\u00e9 cette action lorsque Sonia est partie dans un Centre d\u2019 Accueil \u00e0 Warnecourt, pr\u00e8s de Charleville-M\u00e9zi\u00e8res dans les Ardennes. L\u2019Aide Sociale \u00e0 l\u2019Enfance des Hauts-de Seine, qui \u00e9tait alors responsable de Sonia au titre d\u2019une D\u00e9l\u00e9gation d\u2019autorit\u00e9 parentale, \u00e9tait favorable \u00e0 la prise en charge d\u2019un transport r\u00e9gulier de Sonia \u00e0 la Passerelle : elle y passait la journ\u00e9e du samedi et voyait aussi de temps en temps son petit fr\u00e8re Benjamin que sa maman confiait souvent au Relais Parental. Les contacts avec cette derni\u00e8re \u00e9taient devenus de plus en plus rares.<\/h5>\n<h5 class=\"hh4\">A l\u2019\u00e2ge de 18 ans, Sonia changea de statut et d\u2019\u00e9tablissement. L\u2019UDAF des Ardennes en obtint la responsabilit\u00e9, et la jeune fille d\u00e9m\u00e9nagea aux Campanules. Malheureusement, l\u2019Aide Sociale \u00e0 l\u2019Enfance des Hauts-de-Seine qui avait pleinement reconnu mon parrainage, n\u2019en informa pas l\u2019UDAF ce qui a rendu les d\u00e9buts de notre action difficile. Comme il n\u2019\u00e9tait plus possible de faire partir Sonia \u00e0 la Passerelle, j\u2019ai d\u00e9cid\u00e9 de rendre des visites r\u00e9guli\u00e8res \u00e0 ma filleule. J\u2019ai eu le bonheur de trouver un accueil tr\u00e8s chaleureux de la part du personnel et de la direction des Campanules que je tiens \u00e0 remercier du fond du c\u0153ur. Je fus surtout heureuse d\u2019assister \u00e0 l\u2019\u00e9volution la plus favorable qu\u2019on puisse imaginer de Sonia, qui s\u2019est structur\u00e9e et apais\u00e9e de fa\u00e7on remarquable. Sonia a \u00e9galement continu\u00e9 de b\u00e9n\u00e9ficier des visites de Sophie Desboves, directrice de la Passerelle et de Sylvie Lajri, Chef de Service.<\/h5>\n<h5 class=\"hh4\">Depuis environ trois ans, son parrainage s\u2019est \u00e9largi et consolid\u00e9 gr\u00e2ce \u00e0 l\u2019implication de la Pr\u00e9sidente de l\u2019association de Parrainage de Proximit\u00e9 \u00ab Un Enfant Une Famille \u00bb, Claudine Husson, de son mari Jean-Fran\u00e7ois, secr\u00e9taire de l\u2019association et de Jean-Pierre Hourton, tr\u00e9sorier. Ils rendent r\u00e9guli\u00e8rement visite \u00e0 Sonia qui est ravie de recevoir les \u00ab amis de Paris \u00bb.<\/h5>\n<div><\/div>\n<p><!---------------------------------------------------------------><br \/>\n<!---------------------------------------------------------------><\/p>\n<p id=\"film40ans\">\n<hr>\n<div style=\"margin-top:4.5em;\"><\/div>\n<h4 style=\"text-align: center;\"><span style=\"color: #0000ff;\">Film r\u00e9alis\u00e9 pour les 40 ans de l&rsquo;association<\/span><\/h4>\n<p>par Siegfried LEFEZ<\/p>\n<div align=\"center\">\n\n<div data-mode=\"normal\" data-provider=\"html5\" id=\"arve-html5-\" style=\"max-width:720px;\" class=\"arve\">\n\t<div class=\"arve-inner\">\n\t\t<div class=\"arve-embed\">\n\t\t\t<video class=\"arve-video fitvidsignore\" controls controlslist=\"\" data-arve=\"arve-html5-\" onloadstart=\"this.volume=1\" preload=\"metadata\"><source type=\"video\/mp4\" src=\"http:\/\/unenfantunefamille.org\/wp-content\/uploads\/2019\/05\/UEUF_40ans.mp4#t=0.1\"><\/video>\n\t\t\t\n\t\t<\/div>\n\t\t\n\t<\/div>\n\t\n\t\n\t<script type=\"application\/ld+json\">{\"@context\":\"http:\\\/\\\/schema.org\\\/\",\"@id\":\"https:\\\/\\\/unenfantunefamille.org\\\/index.php\\\/temoignages\\\/#arve-html5-\",\"type\":\"VideoObject\",\"contentURL\":\"http:\\\/\\\/unenfantunefamille.org\\\/wp-content\\\/uploads\\\/2019\\\/05\\\/UEUF_40ans.mp4\"}<\/script>\n\t\n<\/div>\n<\/div>\n<p><!---------------------------------------------------------------><br \/>\n<!---------------------------------------------------------------><\/p>\n<p id=\"JAS\">\n<hr>\n<div style=\"margin-top:4.5em;\"><\/div>\n<h4 style=\"text-align: center;\"><span style=\"color: #0000ff;\">Conf\u00e9rence du Journal de l&rsquo;Action Sociale<\/span><\/h4>\n<h5 class=\"hh4\">Passionnante conf\u00e9rence du Journal de l&rsquo;Action Sociale (JAS) sur le d\u00e9laissement parental (vid\u00e9o <a href=\"https:\/\/www.youtube.com\/watch?v=3skS_TJyT7g\">ici<\/a>). Question sur le parrainage de proximit\u00e9 \u00e0 partir de 2h38min30sec.<\/h5>\n<div class=\"hh5\" style=\"float : right ; margin : 0px 0px 10px 30px ;\" > Cette page a \u00e9t\u00e9 visit\u00e9e 14196 fois <\/div>\n<\/div>\n<p><!---- pour rep\u00e9rer cette page --><\/p>\n<div id=\"page-temoignages\"><\/div>\n","protected":false},"excerpt":{"rendered":"<p>Parrainages de Donatella Le parrainage est un moment de notre existence dans lequel nous nous mettons au service de la vie et nous avons le grand honneur d\u2019apporter \u00e0 un enfant de l\u2019amour, de la pr\u00e9sence, de l\u2019\u00e9coute mais aussi des jeux, des moments de bonheur, de la joie. Avec un parrainage nous ouvrons nos\u2026 <span class=\"read-more\"><a href=\"https:\/\/unenfantunefamille.org\/index.php\/temoignages\/\">Lire la suite &raquo;<\/a><\/span><\/p>\n","protected":false},"author":1,"featured_media":0,"parent":0,"menu_order":0,"comment_status":"closed","ping_status":"closed","template":"page-compteur.php","meta":{"footnotes":""},"class_list":["post-43","page","type-page","status-publish","hentry"],"yoast_head":"<!-- This site is optimized with the Yoast SEO plugin v27.0 - https:\/\/yoast.com\/product\/yoast-seo-wordpress\/ -->\n<title>T\u00e9moignage(s) - Un Enfant Une Famille - Parrainage de proximit\u00e9, action citoyenne durable d&#039;ouverture pour les enfants en Ile de France<\/title>\n<meta name=\"robots\" content=\"index, follow, max-snippet:-1, max-image-preview:large, max-video-preview:-1\" \/>\n<link rel=\"canonical\" href=\"https:\/\/unenfantunefamille.org\/index.php\/temoignages\/\" \/>\n<meta property=\"og:locale\" content=\"fr_FR\" \/>\n<meta property=\"og:type\" content=\"article\" \/>\n<meta property=\"og:title\" content=\"T\u00e9moignage(s) - Un Enfant Une Famille - Parrainage de proximit\u00e9, action citoyenne durable d&#039;ouverture pour les enfants en Ile de France\" \/>\n<meta property=\"og:description\" content=\"Parrainages de Donatella Le parrainage est un moment de notre existence dans lequel nous nous mettons au service de la vie et nous avons le grand honneur d\u2019apporter \u00e0 un enfant de l\u2019amour, de la pr\u00e9sence, de l\u2019\u00e9coute mais aussi des jeux, des moments de bonheur, de la joie. Avec un parrainage nous ouvrons nos\u2026 Lire la suite &raquo;\" \/>\n<meta property=\"og:url\" content=\"https:\/\/unenfantunefamille.org\/index.php\/temoignages\/\" \/>\n<meta property=\"og:site_name\" content=\"Un Enfant Une Famille - Parrainage de proximit\u00e9, action citoyenne durable d&#039;ouverture pour les enfants en Ile de France\" \/>\n<meta property=\"article:modified_time\" content=\"2026-02-10T13:54:08+00:00\" \/>\n<meta property=\"og:image\" content=\"https:\/\/unenfantunefamille.org\/wp-content\/uploads\/2022\/01\/dessin_accompagner-un-enfant-150x150.jpg\" \/>\n<meta name=\"twitter:card\" content=\"summary_large_image\" \/>\n<meta name=\"twitter:label1\" content=\"Dur\u00e9e de lecture estim\u00e9e\" \/>\n\t<meta name=\"twitter:data1\" content=\"33 minutes\" \/>\n<script type=\"application\/ld+json\" class=\"yoast-schema-graph\">{\"@context\":\"https:\/\/schema.org\",\"@graph\":[{\"@type\":\"WebPage\",\"@id\":\"https:\/\/unenfantunefamille.org\/index.php\/temoignages\/\",\"url\":\"https:\/\/unenfantunefamille.org\/index.php\/temoignages\/\",\"name\":\"T\u00e9moignage(s) - Un Enfant Une Famille - Parrainage de proximit\u00e9, action citoyenne durable d&#039;ouverture pour les enfants en Ile de France\",\"isPartOf\":{\"@id\":\"https:\/\/unenfantunefamille.org\/#website\"},\"primaryImageOfPage\":{\"@id\":\"https:\/\/unenfantunefamille.org\/index.php\/temoignages\/#primaryimage\"},\"image\":{\"@id\":\"https:\/\/unenfantunefamille.org\/index.php\/temoignages\/#primaryimage\"},\"thumbnailUrl\":\"http:\/\/unenfantunefamille.org\/wp-content\/uploads\/2016\/10\/Randolf-et-la-fille-de-son-filleul2-300x221.jpg\",\"datePublished\":\"2016-10-02T21:11:00+00:00\",\"dateModified\":\"2026-02-10T13:54:08+00:00\",\"breadcrumb\":{\"@id\":\"https:\/\/unenfantunefamille.org\/index.php\/temoignages\/#breadcrumb\"},\"inLanguage\":\"fr-FR\",\"potentialAction\":[{\"@type\":\"ReadAction\",\"target\":[\"https:\/\/unenfantunefamille.org\/index.php\/temoignages\/\"]}]},{\"@type\":\"ImageObject\",\"inLanguage\":\"fr-FR\",\"@id\":\"https:\/\/unenfantunefamille.org\/index.php\/temoignages\/#primaryimage\",\"url\":\"https:\/\/unenfantunefamille.org\/wp-content\/uploads\/2016\/10\/Randolf-et-la-fille-de-son-filleul2-e1694037571290.jpg\",\"contentUrl\":\"https:\/\/unenfantunefamille.org\/wp-content\/uploads\/2016\/10\/Randolf-et-la-fille-de-son-filleul2-e1694037571290.jpg\",\"width\":1000,\"height\":737},{\"@type\":\"BreadcrumbList\",\"@id\":\"https:\/\/unenfantunefamille.org\/index.php\/temoignages\/#breadcrumb\",\"itemListElement\":[{\"@type\":\"ListItem\",\"position\":1,\"name\":\"Accueil\",\"item\":\"https:\/\/unenfantunefamille.org\/\"},{\"@type\":\"ListItem\",\"position\":2,\"name\":\"T\u00e9moignage(s)\"}]},{\"@type\":\"WebSite\",\"@id\":\"https:\/\/unenfantunefamille.org\/#website\",\"url\":\"https:\/\/unenfantunefamille.org\/\",\"name\":\"Un Enfant Une Famille - Parrainage de proximit\u00e9, action citoyenne durable d&#039;ouverture pour les enfants en Ile de France\",\"description\":\"lien affectif b\u00e9n\u00e9vole durable pour aider un enfant \u00e0 grandir\",\"potentialAction\":[{\"@type\":\"SearchAction\",\"target\":{\"@type\":\"EntryPoint\",\"urlTemplate\":\"https:\/\/unenfantunefamille.org\/?s={search_term_string}\"},\"query-input\":{\"@type\":\"PropertyValueSpecification\",\"valueRequired\":true,\"valueName\":\"search_term_string\"}}],\"inLanguage\":\"fr-FR\"}]}<\/script>\n<!-- \/ Yoast SEO plugin. -->","yoast_head_json":{"title":"T\u00e9moignage(s) - Un Enfant Une Famille - Parrainage de proximit\u00e9, action citoyenne durable d&#039;ouverture pour les enfants en Ile de France","robots":{"index":"index","follow":"follow","max-snippet":"max-snippet:-1","max-image-preview":"max-image-preview:large","max-video-preview":"max-video-preview:-1"},"canonical":"https:\/\/unenfantunefamille.org\/index.php\/temoignages\/","og_locale":"fr_FR","og_type":"article","og_title":"T\u00e9moignage(s) - Un Enfant Une Famille - Parrainage de proximit\u00e9, action citoyenne durable d&#039;ouverture pour les enfants en Ile de France","og_description":"Parrainages de Donatella Le parrainage est un moment de notre existence dans lequel nous nous mettons au service de la vie et nous avons le grand honneur d\u2019apporter \u00e0 un enfant de l\u2019amour, de la pr\u00e9sence, de l\u2019\u00e9coute mais aussi des jeux, des moments de bonheur, de la joie. Avec un parrainage nous ouvrons nos\u2026 Lire la suite &raquo;","og_url":"https:\/\/unenfantunefamille.org\/index.php\/temoignages\/","og_site_name":"Un Enfant Une Famille - Parrainage de proximit\u00e9, action citoyenne durable d&#039;ouverture pour les enfants en Ile de France","article_modified_time":"2026-02-10T13:54:08+00:00","og_image":[{"url":"https:\/\/unenfantunefamille.org\/wp-content\/uploads\/2022\/01\/dessin_accompagner-un-enfant-150x150.jpg","type":"","width":"","height":""}],"twitter_card":"summary_large_image","twitter_misc":{"Dur\u00e9e de lecture estim\u00e9e":"33 minutes"},"schema":{"@context":"https:\/\/schema.org","@graph":[{"@type":"WebPage","@id":"https:\/\/unenfantunefamille.org\/index.php\/temoignages\/","url":"https:\/\/unenfantunefamille.org\/index.php\/temoignages\/","name":"T\u00e9moignage(s) - Un Enfant Une Famille - Parrainage de proximit\u00e9, action citoyenne durable d&#039;ouverture pour les enfants en Ile de France","isPartOf":{"@id":"https:\/\/unenfantunefamille.org\/#website"},"primaryImageOfPage":{"@id":"https:\/\/unenfantunefamille.org\/index.php\/temoignages\/#primaryimage"},"image":{"@id":"https:\/\/unenfantunefamille.org\/index.php\/temoignages\/#primaryimage"},"thumbnailUrl":"http:\/\/unenfantunefamille.org\/wp-content\/uploads\/2016\/10\/Randolf-et-la-fille-de-son-filleul2-300x221.jpg","datePublished":"2016-10-02T21:11:00+00:00","dateModified":"2026-02-10T13:54:08+00:00","breadcrumb":{"@id":"https:\/\/unenfantunefamille.org\/index.php\/temoignages\/#breadcrumb"},"inLanguage":"fr-FR","potentialAction":[{"@type":"ReadAction","target":["https:\/\/unenfantunefamille.org\/index.php\/temoignages\/"]}]},{"@type":"ImageObject","inLanguage":"fr-FR","@id":"https:\/\/unenfantunefamille.org\/index.php\/temoignages\/#primaryimage","url":"https:\/\/unenfantunefamille.org\/wp-content\/uploads\/2016\/10\/Randolf-et-la-fille-de-son-filleul2-e1694037571290.jpg","contentUrl":"https:\/\/unenfantunefamille.org\/wp-content\/uploads\/2016\/10\/Randolf-et-la-fille-de-son-filleul2-e1694037571290.jpg","width":1000,"height":737},{"@type":"BreadcrumbList","@id":"https:\/\/unenfantunefamille.org\/index.php\/temoignages\/#breadcrumb","itemListElement":[{"@type":"ListItem","position":1,"name":"Accueil","item":"https:\/\/unenfantunefamille.org\/"},{"@type":"ListItem","position":2,"name":"T\u00e9moignage(s)"}]},{"@type":"WebSite","@id":"https:\/\/unenfantunefamille.org\/#website","url":"https:\/\/unenfantunefamille.org\/","name":"Un Enfant Une Famille - Parrainage de proximit\u00e9, action citoyenne durable d&#039;ouverture pour les enfants en Ile de France","description":"lien affectif b\u00e9n\u00e9vole durable pour aider un enfant \u00e0 grandir","potentialAction":[{"@type":"SearchAction","target":{"@type":"EntryPoint","urlTemplate":"https:\/\/unenfantunefamille.org\/?s={search_term_string}"},"query-input":{"@type":"PropertyValueSpecification","valueRequired":true,"valueName":"search_term_string"}}],"inLanguage":"fr-FR"}]}},"_links":{"self":[{"href":"https:\/\/unenfantunefamille.org\/index.php\/wp-json\/wp\/v2\/pages\/43","targetHints":{"allow":["GET"]}}],"collection":[{"href":"https:\/\/unenfantunefamille.org\/index.php\/wp-json\/wp\/v2\/pages"}],"about":[{"href":"https:\/\/unenfantunefamille.org\/index.php\/wp-json\/wp\/v2\/types\/page"}],"author":[{"embeddable":true,"href":"https:\/\/unenfantunefamille.org\/index.php\/wp-json\/wp\/v2\/users\/1"}],"replies":[{"embeddable":true,"href":"https:\/\/unenfantunefamille.org\/index.php\/wp-json\/wp\/v2\/comments?post=43"}],"version-history":[{"count":228,"href":"https:\/\/unenfantunefamille.org\/index.php\/wp-json\/wp\/v2\/pages\/43\/revisions"}],"predecessor-version":[{"id":5462,"href":"https:\/\/unenfantunefamille.org\/index.php\/wp-json\/wp\/v2\/pages\/43\/revisions\/5462"}],"wp:attachment":[{"href":"https:\/\/unenfantunefamille.org\/index.php\/wp-json\/wp\/v2\/media?parent=43"}],"curies":[{"name":"wp","href":"https:\/\/api.w.org\/{rel}","templated":true}]}}